{"id":315,"date":"2020-06-17T11:57:06","date_gmt":"2020-06-17T16:57:06","guid":{"rendered":"https:\/\/ucentral.org\/informativo\/?page_id=315"},"modified":"2024-12-06T08:10:01","modified_gmt":"2024-12-06T13:10:01","slug":"bolsaempleo","status":"publish","type":"page","link":"https:\/\/ucentral.org\/informativo\/index.php\/facultad-de-ciencias\/bolsaempleo\/","title":{"rendered":"Bolsa de empleo"},"content":{"rendered":"<ul class=\"wp-block-latest-posts__list is-grid columns-3 has-dates wp-block-latest-posts\"><li><a class=\"wp-block-latest-posts__post-title\" href=\"https:\/\/ucentral.org\/informativo\/index.php\/2026\/01\/20\/job260119\/\">Oportunidad: Programa Fellowship fAIr LAC en Inteligencia Artificial Responsable | UNISIM\u00d3N<\/a><time datetime=\"2026-01-20T09:17:45-05:00\" class=\"wp-block-latest-posts__post-date\">20 enero, 2026<\/time><div class=\"wp-block-latest-posts__post-excerpt\">\u200a Programa Fellowship fAIr LAC en Inteligencia Artificial Responsable | UNISIM\u00d3N\u200aLa Universidad Sim\u00f3n Bol\u00edvar (Unisim\u00f3n)&nbsp;desde el \u00c1rea de Internacionalizaci\u00f3n y el Centro de Investigaci\u00f3n AUDACIA, comparte la Convocatoria del Programa Fellowship fAIr LAC en Inteligencia Artificial Responsable, una iniciativa regional orientada a promover el uso \u00e9tico, seguro y responsable de la IA en Am\u00e9rica Latina&#8230; <a class=\"wp-block-latest-posts__read-more\" href=\"https:\/\/ucentral.org\/informativo\/index.php\/2026\/01\/20\/job260119\/\" rel=\"noopener noreferrer\">Lee m\u00e1s<span class=\"screen-reader-text\">: Oportunidad: Programa Fellowship fAIr LAC en Inteligencia Artificial Responsable | UNISIM\u00d3N<\/span><\/a><\/div><\/li>\n<li><div class=\"wp-block-latest-posts__featured-image\"><img loading=\"lazy\" decoding=\"async\" width=\"150\" height=\"150\" src=\"https:\/\/ucentral.org\/informativo\/wp-content\/uploads\/2025\/12\/UCEHealthJOB01-150x150.jpg\" class=\"attachment-thumbnail size-thumbnail wp-post-image\" alt=\"\" style=\"\" \/><\/div><a class=\"wp-block-latest-posts__post-title\" href=\"https:\/\/ucentral.org\/informativo\/index.php\/2025\/12\/12\/ucehealthjob01\/\">Se busca: Desarrollador de Software proyecto HIS Hospital del D\u00eda UCE<\/a><time datetime=\"2025-12-12T14:51:43-05:00\" class=\"wp-block-latest-posts__post-date\">12 diciembre, 2025<\/time><div class=\"wp-block-latest-posts__post-excerpt\">Participar en el an\u00e1lisis, dise\u00f1o, desarrollo y mantenimiento de sistemas de informaci\u00f3n, asegurando la implementaci\u00f3n de soluciones eficientes, escalables y alineadas a los requerimientos funcionales y t\u00e9cnicos. El Analista Junior apoyar\u00e1 en tareas de codificaci\u00f3n, pruebas y correcci\u00f3n de errores bajo supervisi\u00f3n, mientras que el Analista Senior liderar\u00e1 la definici\u00f3n de arquitecturas, est\u00e1ndares de desarrollo,&#8230; <a class=\"wp-block-latest-posts__read-more\" href=\"https:\/\/ucentral.org\/informativo\/index.php\/2025\/12\/12\/ucehealthjob01\/\" rel=\"noopener noreferrer\">Lee m\u00e1s<span class=\"screen-reader-text\">: Se busca: Desarrollador de Software proyecto HIS Hospital del D\u00eda UCE<\/span><\/a><\/div><\/li>\n<li><div class=\"wp-block-latest-posts__featured-image\"><img loading=\"lazy\" decoding=\"async\" width=\"150\" height=\"150\" src=\"https:\/\/ucentral.org\/informativo\/wp-content\/uploads\/2025\/08\/empleoAnalistaDeDatos20250824-150x150.jpg\" class=\"attachment-thumbnail size-thumbnail wp-post-image\" alt=\"\" style=\"\" \/><\/div><a class=\"wp-block-latest-posts__post-title\" href=\"https:\/\/ucentral.org\/informativo\/index.php\/2025\/08\/24\/bt-analistadedatos\/\">Se busca: Analista de Datos<\/a><time datetime=\"2025-08-24T15:35:41-05:00\" class=\"wp-block-latest-posts__post-date\">24 agosto, 2025<\/time><div class=\"wp-block-latest-posts__post-excerpt\">Una importante empresa del sector flor\u00edcola busca Analista de Datos. Formaci\u00f3n: t\u00e9cnica, tecnol\u00f3gica o universitaria en \u00e1reas como estad\u00edstica, inform\u00e1tica o negocios.Habilidades t\u00e9cnicas: Dominan herramientas de an\u00e1lisis de datos, programaci\u00f3n y visualizaci\u00f3n, as\u00ed como el manejo de grandes vol\u00famenes de informaci\u00f3n.Capacidad anal\u00edtica: Experto en interpretar datos, descubrir tendencias y patrones, y transformar datos en informaci\u00f3n&#8230; <a class=\"wp-block-latest-posts__read-more\" href=\"https:\/\/ucentral.org\/informativo\/index.php\/2025\/08\/24\/bt-analistadedatos\/\" rel=\"noopener noreferrer\">Lee m\u00e1s<span class=\"screen-reader-text\">: Se busca: Analista de Datos<\/span><\/a><\/div><\/li>\n<li><div class=\"wp-block-latest-posts__featured-image\"><img loading=\"lazy\" decoding=\"async\" width=\"150\" height=\"150\" src=\"https:\/\/ucentral.org\/informativo\/wp-content\/uploads\/2024\/06\/practicasPreprofesionalesMEM2024-150x150.png\" class=\"attachment-thumbnail size-thumbnail wp-post-image\" alt=\"\" style=\"\" \/><\/div><a class=\"wp-block-latest-posts__post-title\" href=\"https:\/\/ucentral.org\/informativo\/index.php\/2024\/06\/26\/convocatoria-practicas-preprofesionales-en-el-ministerio-de-energia-y-minas\/\">CONVOCATORIA: PR\u00c1CTICAS PREPROFESIONALES EN EL MINISTERIO DE ENERG\u00cdA Y MINAS<\/a><time datetime=\"2024-06-26T13:44:50-05:00\" class=\"wp-block-latest-posts__post-date\">26 junio, 2024<\/time><div class=\"wp-block-latest-posts__post-excerpt\">La Facultad de Ciencias invita a postular para realizar pr\u00e1cticas preprofesionales en esta importante instituci\u00f3n p\u00fablica. Requisitos: Proceso de postulaci\u00f3n: Fecha l\u00edmite de postulaci\u00f3n: mi\u00e9rcoles 3 de julio de 2024 11h00 No dejes pasar esta oportunidad de adquirir experiencia laboral en el sector energ\u00e9tico y minero, aplicando tus conocimientos matem\u00e1ticos en proyectos de relevancia nacional&#8230;. <a class=\"wp-block-latest-posts__read-more\" href=\"https:\/\/ucentral.org\/informativo\/index.php\/2024\/06\/26\/convocatoria-practicas-preprofesionales-en-el-ministerio-de-energia-y-minas\/\" rel=\"noopener noreferrer\">Lee m\u00e1s<span class=\"screen-reader-text\">: CONVOCATORIA: PR\u00c1CTICAS PREPROFESIONALES EN EL MINISTERIO DE ENERG\u00cdA Y MINAS<\/span><\/a><\/div><\/li>\n<li><div class=\"wp-block-latest-posts__featured-image\"><img loading=\"lazy\" decoding=\"async\" width=\"150\" height=\"150\" src=\"https:\/\/ucentral.org\/informativo\/wp-content\/uploads\/2024\/06\/pasantiaR01-150x150.jpg\" class=\"attachment-thumbnail size-thumbnail wp-post-image\" alt=\"\" style=\"\" \/><\/div><a class=\"wp-block-latest-posts__post-title\" href=\"https:\/\/ucentral.org\/informativo\/index.php\/2024\/06\/07\/pasantia-en-una-prestigiosa-institucion-del-sector-publico\/\">Pasant\u00eda en una prestigiosa instituci\u00f3n del sector p\u00fablico<\/a><time datetime=\"2024-06-07T13:18:39-05:00\" class=\"wp-block-latest-posts__post-date\">7 junio, 2024<\/time><div class=\"wp-block-latest-posts__post-excerpt\">Se convoca a todos los estudiantes en especial a los que se encuentran cursando los \u00faltimos semestres para realizar una pasant\u00eda en una prestigiosa instituci\u00f3n del sector p\u00fablico. Para ser considerados, los candidatos deben contar con s\u00f3lidos conocimientos en el uso del lenguaje de programaci\u00f3n R, as\u00ed como demostrar habilidades anal\u00edticas y de resoluci\u00f3n de&#8230; <a class=\"wp-block-latest-posts__read-more\" href=\"https:\/\/ucentral.org\/informativo\/index.php\/2024\/06\/07\/pasantia-en-una-prestigiosa-institucion-del-sector-publico\/\" rel=\"noopener noreferrer\">Lee m\u00e1s<span class=\"screen-reader-text\">: Pasant\u00eda en una prestigiosa instituci\u00f3n del sector p\u00fablico<\/span><\/a><\/div><\/li>\n<\/ul>","protected":false},"excerpt":{"rendered":"","protected":false},"author":2,"featured_media":0,"parent":1216,"menu_order":10,"comment_status":"closed","ping_status":"closed","template":"","meta":{"footnotes":""},"class_list":["post-315","page","type-page","status-publish","hentry"],"_links":{"self":[{"href":"https:\/\/ucentral.org\/informativo\/index.php\/wp-json\/wp\/v2\/pages\/315","targetHints":{"allow":["GET"]}}],"collection":[{"href":"https:\/\/ucentral.org\/informativo\/index.php\/wp-json\/wp\/v2\/pages"}],"about":[{"href":"https:\/\/ucentral.org\/informativo\/index.php\/wp-json\/wp\/v2\/types\/page"}],"author":[{"embeddable":true,"href":"https:\/\/ucentral.org\/informativo\/index.php\/wp-json\/wp\/v2\/users\/2"}],"replies":[{"embeddable":true,"href":"https:\/\/ucentral.org\/informativo\/index.php\/wp-json\/wp\/v2\/comments?post=315"}],"version-history":[{"count":2,"href":"https:\/\/ucentral.org\/informativo\/index.php\/wp-json\/wp\/v2\/pages\/315\/revisions"}],"predecessor-version":[{"id":317,"href":"https:\/\/ucentral.org\/informativo\/index.php\/wp-json\/wp\/v2\/pages\/315\/revisions\/317"}],"up":[{"embeddable":true,"href":"https:\/\/ucentral.org\/informativo\/index.php\/wp-json\/wp\/v2\/pages\/1216"}],"wp:attachment":[{"href":"https:\/\/ucentral.org\/informativo\/index.php\/wp-json\/wp\/v2\/media?parent=315"}],"curies":[{"name":"wp","href":"https:\/\/api.w.org\/{rel}","templated":true}]}}